{"id":3628,"date":"2013-10-08T09:40:17","date_gmt":"2013-10-08T09:40:17","guid":{"rendered":"http:\/\/schreinerei-staneker.de\/?page_id=3628"},"modified":"2017-02-27T18:41:30","modified_gmt":"2017-02-27T18:41:30","slug":"unsere-leistungen","status":"publish","type":"page","link":"https:\/\/schreinerei-staneker.de\/?page_id=3628","title":{"rendered":"Unsere Leistungen"},"content":{"rendered":"<p>Bei uns bekommen Sie alles aus einer Hand. Gleich ob Sie bereits eine feste Idee besitzen oder noch Unterst\u00fctzung ben\u00f6tigen. Bei uns gibt es keine industrielle Massenfertigung, sondern bei uns wird mit modernen Maschinen, die das traditionelle Handwerk unterst\u00fctzen eine individuelle L\u00f6sung f\u00fcr Ihre Idee erstellt.<\/p>\n                                                                                                <div id=\"dv-gallery452982211\" class=\"dv-gallerycontainer\">\n                                            <div class=\"dv-galleryimage \" data-image=\"https:\/\/schreinerei-staneker.de\/wp-content\/uploads\/2017\/02\/Behling-2-665x1024.jpg\">\n                    <a class=\"openlightbox   \" href=\"#\" ><\/a>\n                <\/div>\n                            <div class=\"dv-gallerycontent   \">\n                <div class=\"dv-gallerycontent-inner\">\n                <div class=\"dvh4\"><a href=\"#\" class=\"openlightbox\" >T\u00dcREN &#8211; Haust\u00fcren, Zimmert\u00fcren, Glast\u00fcren, Schiebet\u00fcren<\/a><\/div>\n                                <p>GEHFREUNDLICH<br \/>\nSTOLPERFREI<br \/>\nUNTERST\u00dcTZEND<\/p>\n                                <a href=\"#\" class=\"openlightbox dv-readmore-button\" >View Gallery<\/a>\n                <\/div>\n            <\/div>\n            <\/div>\n<script type=\"text\/javascript\">\n    jQuery(document).ready(function () {\n        jQuery('#dv-gallery452982211 .openlightbox').click(function (e) {\n            e.preventDefault();\n            jQuery(this).lightGallery({\n                dynamic: true,\n                    preload: 2,\n                    zoom: true,\n                    fullScreen: true,\n                    thumbnail: true,\n                    download: true,\n                    counter: true,\n                    hideBarsDelay: 6000,\n                                dynamicEl: [\n                     \n                                                                                                                        {\n                        \"src\": \"https:\/\/schreinerei-staneker.de\/wp-content\/uploads\/2017\/02\/DSC_0052.jpg\",\n                        \"thumb\": \"https:\/\/schreinerei-staneker.de\/wp-content\/uploads\/2017\/02\/DSC_0052-150x150.jpg\",\n                        \"subHtml\": \"\",\n                        \"responsive\": \"https:\/\/schreinerei-staneker.de\/wp-content\/uploads\/2017\/02\/DSC_0052-199x300.jpg 480, https:\/\/schreinerei-staneker.de\/wp-content\/uploads\/2017\/02\/DSC_0052-680x1024.jpg 1024\"\n                    },\n                     \n                                                                                                                        {\n                        \"src\": \"https:\/\/schreinerei-staneker.de\/wp-content\/uploads\/2017\/02\/Haust\u00fcre-Falkenberg-1.jpg\",\n                        \"thumb\": \"https:\/\/schreinerei-staneker.de\/wp-content\/uploads\/2017\/02\/Haust\u00fcre-Falkenberg-1-150x150.jpg\",\n                        \"subHtml\": \"\",\n                        \"responsive\": \"https:\/\/schreinerei-staneker.de\/wp-content\/uploads\/2017\/02\/Haust\u00fcre-Falkenberg-1-300x199.jpg 480, https:\/\/schreinerei-staneker.de\/wp-content\/uploads\/2017\/02\/Haust\u00fcre-Falkenberg-1-1024x680.jpg 1024\"\n                    },\n                     \n                                                                                                                        {\n                        \"src\": \"https:\/\/schreinerei-staneker.de\/wp-content\/uploads\/2017\/02\/Haustuere5.jpg\",\n                        \"thumb\": \"https:\/\/schreinerei-staneker.de\/wp-content\/uploads\/2017\/02\/Haustuere5-150x150.jpg\",\n                        \"subHtml\": \"\",\n                        \"responsive\": \"https:\/\/schreinerei-staneker.de\/wp-content\/uploads\/2017\/02\/Haustuere5-300x262.jpg 480, https:\/\/schreinerei-staneker.de\/wp-content\/uploads\/2017\/02\/Haustuere5.jpg 1024\"\n                    },\n                     \n                                                                                                                        {\n                        \"src\": \"https:\/\/schreinerei-staneker.de\/wp-content\/uploads\/2017\/02\/IMG_2605-1.jpg\",\n                        \"thumb\": \"https:\/\/schreinerei-staneker.de\/wp-content\/uploads\/2017\/02\/IMG_2605-1-150x150.jpg\",\n                        \"subHtml\": \"\",\n                        \"responsive\": \"https:\/\/schreinerei-staneker.de\/wp-content\/uploads\/2017\/02\/IMG_2605-1-225x300.jpg 480, https:\/\/schreinerei-staneker.de\/wp-content\/uploads\/2017\/02\/IMG_2605-1-768x1024.jpg 1024\"\n                    },\n                     \n                                                                                                                        {\n                        \"src\": \"https:\/\/schreinerei-staneker.de\/wp-content\/uploads\/2017\/02\/DSC_0269.jpg\",\n                        \"thumb\": \"https:\/\/schreinerei-staneker.de\/wp-content\/uploads\/2017\/02\/DSC_0269-150x150.jpg\",\n                        \"subHtml\": \"\",\n                        \"responsive\": \"https:\/\/schreinerei-staneker.de\/wp-content\/uploads\/2017\/02\/DSC_0269-300x199.jpg 480, https:\/\/schreinerei-staneker.de\/wp-content\/uploads\/2017\/02\/DSC_0269-1024x680.jpg 1024\"\n                    },\n                     \n                                                                                                                        {\n                        \"src\": \"https:\/\/schreinerei-staneker.de\/wp-content\/uploads\/2017\/02\/DSC_0021.jpg\",\n                        \"thumb\": \"https:\/\/schreinerei-staneker.de\/wp-content\/uploads\/2017\/02\/DSC_0021-150x150.jpg\",\n                        \"subHtml\": \"\",\n                        \"responsive\": \"https:\/\/schreinerei-staneker.de\/wp-content\/uploads\/2017\/02\/DSC_0021-199x300.jpg 480, https:\/\/schreinerei-staneker.de\/wp-content\/uploads\/2017\/02\/DSC_0021-680x1024.jpg 1024\"\n                    },\n                     \n                                                                                                                        {\n                        \"src\": \"https:\/\/schreinerei-staneker.de\/wp-content\/uploads\/2017\/02\/IMG_1714.jpg\",\n                        \"thumb\": \"https:\/\/schreinerei-staneker.de\/wp-content\/uploads\/2017\/02\/IMG_1714-150x150.jpg\",\n                        \"subHtml\": \"\",\n                        \"responsive\": \"https:\/\/schreinerei-staneker.de\/wp-content\/uploads\/2017\/02\/IMG_1714-300x225.jpg 480, https:\/\/schreinerei-staneker.de\/wp-content\/uploads\/2017\/02\/IMG_1714-1024x768.jpg 1024\"\n                    },\n                                        \n                ]\n            });\n        })\n    });\n<\/script> \n               \n                                                                                        <div id=\"dv-gallery2146383634\" class=\"dv-gallerycontainer\">\n                                            <div class=\"dv-galleryimage \" data-image=\"https:\/\/schreinerei-staneker.de\/wp-content\/uploads\/2017\/02\/Mesenholl-1-1024x680.jpg\">\n                    <a class=\"openlightbox   \" href=\"#\" ><\/a>\n                <\/div>\n                            <div class=\"dv-gallerycontent   \">\n                <div class=\"dv-gallerycontent-inner\">\n                <div class=\"dvh4\"><a href=\"#\" class=\"openlightbox\" >Umbau<\/a><\/div>\n                                <p>BERATEN<br \/>\nKOORDINIEREN<br \/>\nPLANEN UND ENTWERFEN<\/p>\n                                <a href=\"#\" class=\"openlightbox dv-readmore-button\" >View Gallery<\/a>\n                <\/div>\n            <\/div>\n            <\/div>\n<script type=\"text\/javascript\">\n    jQuery(document).ready(function () {\n        jQuery('#dv-gallery2146383634 .openlightbox').click(function (e) {\n            e.preventDefault();\n            jQuery(this).lightGallery({\n                dynamic: true,\n                    preload: 2,\n                    zoom: true,\n                    fullScreen: true,\n                    thumbnail: true,\n                    download: true,\n                    counter: true,\n                    hideBarsDelay: 6000,\n                                dynamicEl: [\n                     \n                                                                                                                        {\n                        \"src\": \"https:\/\/schreinerei-staneker.de\/wp-content\/uploads\/2017\/02\/DSC_0001.jpg\",\n                        \"thumb\": \"https:\/\/schreinerei-staneker.de\/wp-content\/uploads\/2017\/02\/DSC_0001-150x150.jpg\",\n                        \"subHtml\": \"\",\n                        \"responsive\": \"https:\/\/schreinerei-staneker.de\/wp-content\/uploads\/2017\/02\/DSC_0001-300x199.jpg 480, https:\/\/schreinerei-staneker.de\/wp-content\/uploads\/2017\/02\/DSC_0001-1024x680.jpg 1024\"\n                    },\n                     \n                                                                                                                        {\n                        \"src\": \"https:\/\/schreinerei-staneker.de\/wp-content\/uploads\/2017\/02\/Mesenholl-1.jpg\",\n                        \"thumb\": \"https:\/\/schreinerei-staneker.de\/wp-content\/uploads\/2017\/02\/Mesenholl-1-150x150.jpg\",\n                        \"subHtml\": \"\",\n                        \"responsive\": \"https:\/\/schreinerei-staneker.de\/wp-content\/uploads\/2017\/02\/Mesenholl-1-300x199.jpg 480, https:\/\/schreinerei-staneker.de\/wp-content\/uploads\/2017\/02\/Mesenholl-1-1024x680.jpg 1024\"\n                    },\n                                        \n                ]\n            });\n        })\n    });\n<\/script> \n               \n                                                                                        <div id=\"dv-gallery153903820\" class=\"dv-gallerycontainer\">\n                                            <div class=\"dv-galleryimage \" data-image=\"https:\/\/schreinerei-staneker.de\/wp-content\/uploads\/2017\/02\/B\u00fcro-1-1024x680.jpg\">\n                    <a class=\"openlightbox   \" href=\"#\" ><\/a>\n                <\/div>\n                            <div class=\"dv-gallerycontent   \">\n                <div class=\"dv-gallerycontent-inner\">\n                <div class=\"dvh4\"><a href=\"#\" class=\"openlightbox\" >Innenausbau<\/a><\/div>\n                                <p>WAND<br \/>\nDECKE<br \/>\nBODEN<\/p>\n                                <a href=\"#\" class=\"openlightbox dv-readmore-button\" >View Gallery<\/a>\n                <\/div>\n            <\/div>\n            <\/div>\n<script type=\"text\/javascript\">\n    jQuery(document).ready(function () {\n        jQuery('#dv-gallery153903820 .openlightbox').click(function (e) {\n            e.preventDefault();\n            jQuery(this).lightGallery({\n                dynamic: true,\n                    preload: 2,\n                    zoom: true,\n                    fullScreen: true,\n                    thumbnail: true,\n                    download: true,\n                    counter: true,\n                    hideBarsDelay: 6000,\n                                dynamicEl: [\n                     \n                                                                                                                        {\n                        \"src\": \"https:\/\/schreinerei-staneker.de\/wp-content\/uploads\/2017\/02\/DSC_0004.jpg\",\n                        \"thumb\": \"https:\/\/schreinerei-staneker.de\/wp-content\/uploads\/2017\/02\/DSC_0004-150x150.jpg\",\n                        \"subHtml\": \"\",\n                        \"responsive\": \"https:\/\/schreinerei-staneker.de\/wp-content\/uploads\/2017\/02\/DSC_0004-300x199.jpg 480, https:\/\/schreinerei-staneker.de\/wp-content\/uploads\/2017\/02\/DSC_0004-1024x680.jpg 1024\"\n                    },\n                     \n                                                                                                                        {\n                        \"src\": \"https:\/\/schreinerei-staneker.de\/wp-content\/uploads\/2017\/02\/DSC_0001.jpg\",\n                        \"thumb\": \"https:\/\/schreinerei-staneker.de\/wp-content\/uploads\/2017\/02\/DSC_0001-150x150.jpg\",\n                        \"subHtml\": \"\",\n                        \"responsive\": \"https:\/\/schreinerei-staneker.de\/wp-content\/uploads\/2017\/02\/DSC_0001-300x199.jpg 480, https:\/\/schreinerei-staneker.de\/wp-content\/uploads\/2017\/02\/DSC_0001-1024x680.jpg 1024\"\n                    },\n                     \n                                                                                                                        {\n                        \"src\": \"https:\/\/schreinerei-staneker.de\/wp-content\/uploads\/2017\/02\/B\u00fcro-1.jpg\",\n                        \"thumb\": \"https:\/\/schreinerei-staneker.de\/wp-content\/uploads\/2017\/02\/B\u00fcro-1-150x150.jpg\",\n                        \"subHtml\": \"\",\n                        \"responsive\": \"https:\/\/schreinerei-staneker.de\/wp-content\/uploads\/2017\/02\/B\u00fcro-1-300x199.jpg 480, https:\/\/schreinerei-staneker.de\/wp-content\/uploads\/2017\/02\/B\u00fcro-1-1024x680.jpg 1024\"\n                    },\n                     \n                                                                                                                        {\n                        \"src\": \"https:\/\/schreinerei-staneker.de\/wp-content\/uploads\/2017\/02\/EB-Schrank_Ausschnitt2-625x1024-1.png\",\n                        \"thumb\": \"https:\/\/schreinerei-staneker.de\/wp-content\/uploads\/2017\/02\/EB-Schrank_Ausschnitt2-625x1024-1-150x150.png\",\n                        \"subHtml\": \"\",\n                        \"responsive\": \"https:\/\/schreinerei-staneker.de\/wp-content\/uploads\/2017\/02\/EB-Schrank_Ausschnitt2-625x1024-1-183x300.png 480, https:\/\/schreinerei-staneker.de\/wp-content\/uploads\/2017\/02\/EB-Schrank_Ausschnitt2-625x1024-1-625x1024.png 1024\"\n                    },\n                                        \n                ]\n            });\n        })\n    });\n<\/script> \n               \n                                                                                        <div id=\"dv-gallery800126109\" class=\"dv-gallerycontainer\">\n                                            <div class=\"dv-galleryimage \" data-image=\"https:\/\/schreinerei-staneker.de\/wp-content\/uploads\/2017\/02\/cropped-Dorfkaeserei1PNG-1024x659-1024x614.png\">\n                    <a class=\"openlightbox   \" href=\"#\" ><\/a>\n                <\/div>\n                            <div class=\"dv-gallerycontent   \">\n                <div class=\"dv-gallerycontent-inner\">\n                <div class=\"dvh4\"><a href=\"#\" class=\"openlightbox\" >Gewerbe Praxen und Kanzlei<\/a><\/div>\n                                <p>VERKAUFSF\u00d6RDERND<br \/>\nEFFIZIENT<br \/>\nPR\u00c4SENTIEREN<\/p>\n                                <a href=\"#\" class=\"openlightbox dv-readmore-button\" >View Gallery<\/a>\n                <\/div>\n            <\/div>\n            <\/div>\n<script type=\"text\/javascript\">\n    jQuery(document).ready(function () {\n        jQuery('#dv-gallery800126109 .openlightbox').click(function (e) {\n            e.preventDefault();\n            jQuery(this).lightGallery({\n                dynamic: true,\n                    preload: 2,\n                    zoom: true,\n                    fullScreen: true,\n                    thumbnail: true,\n                    download: true,\n                    counter: true,\n                    hideBarsDelay: 6000,\n                                dynamicEl: [\n                     \n                                                                                                                        {\n                        \"src\": \"https:\/\/schreinerei-staneker.de\/wp-content\/uploads\/2017\/02\/Dorfkaeserei1PNG-1024x659.png\",\n                        \"thumb\": \"https:\/\/schreinerei-staneker.de\/wp-content\/uploads\/2017\/02\/Dorfkaeserei1PNG-1024x659-150x150.png\",\n                        \"subHtml\": \"\",\n                        \"responsive\": \"https:\/\/schreinerei-staneker.de\/wp-content\/uploads\/2017\/02\/Dorfkaeserei1PNG-1024x659-300x193.png 480, https:\/\/schreinerei-staneker.de\/wp-content\/uploads\/2017\/02\/Dorfkaeserei1PNG-1024x659-1024x659.png 1024\"\n                    },\n                     \n                                                                                                                        {\n                        \"src\": \"https:\/\/schreinerei-staneker.de\/wp-content\/uploads\/2017\/02\/Showkueche4-web-300x257.jpg\",\n                        \"thumb\": \"https:\/\/schreinerei-staneker.de\/wp-content\/uploads\/2017\/02\/Showkueche4-web-300x257-150x150.jpg\",\n                        \"subHtml\": \"\",\n                        \"responsive\": \"https:\/\/schreinerei-staneker.de\/wp-content\/uploads\/2017\/02\/Showkueche4-web-300x257-300x257.jpg 480, https:\/\/schreinerei-staneker.de\/wp-content\/uploads\/2017\/02\/Showkueche4-web-300x257.jpg 1024\"\n                    },\n                     \n                                                                                                                        {\n                        \"src\": \"https:\/\/schreinerei-staneker.de\/wp-content\/uploads\/2017\/02\/SchowkuecheVoll-1024x731.png\",\n                        \"thumb\": \"https:\/\/schreinerei-staneker.de\/wp-content\/uploads\/2017\/02\/SchowkuecheVoll-1024x731-150x150.png\",\n                        \"subHtml\": \"\",\n                        \"responsive\": \"https:\/\/schreinerei-staneker.de\/wp-content\/uploads\/2017\/02\/SchowkuecheVoll-1024x731-300x214.png 480, https:\/\/schreinerei-staneker.de\/wp-content\/uploads\/2017\/02\/SchowkuecheVoll-1024x731-1024x731.png 1024\"\n                    },\n                     \n                                                                                                                        {\n                        \"src\": \"https:\/\/schreinerei-staneker.de\/wp-content\/uploads\/2017\/02\/DSC_0123.jpg\",\n                        \"thumb\": \"https:\/\/schreinerei-staneker.de\/wp-content\/uploads\/2017\/02\/DSC_0123-150x150.jpg\",\n                        \"subHtml\": \"\",\n                        \"responsive\": \"https:\/\/schreinerei-staneker.de\/wp-content\/uploads\/2017\/02\/DSC_0123-300x199.jpg 480, https:\/\/schreinerei-staneker.de\/wp-content\/uploads\/2017\/02\/DSC_0123-1024x680.jpg 1024\"\n                    },\n                     \n                                                                                                                        {\n                        \"src\": \"https:\/\/schreinerei-staneker.de\/wp-content\/uploads\/2017\/02\/IMG_0470.jpg\",\n                        \"thumb\": \"https:\/\/schreinerei-staneker.de\/wp-content\/uploads\/2017\/02\/IMG_0470-150x150.jpg\",\n                        \"subHtml\": \"\",\n                        \"responsive\": \"https:\/\/schreinerei-staneker.de\/wp-content\/uploads\/2017\/02\/IMG_0470-300x224.jpg 480, https:\/\/schreinerei-staneker.de\/wp-content\/uploads\/2017\/02\/IMG_0470-1024x765.jpg 1024\"\n                    },\n                     \n                                                                                                                        {\n                        \"src\": \"https:\/\/schreinerei-staneker.de\/wp-content\/uploads\/2017\/02\/IMG_3749.jpg\",\n                        \"thumb\": \"https:\/\/schreinerei-staneker.de\/wp-content\/uploads\/2017\/02\/IMG_3749-150x150.jpg\",\n                        \"subHtml\": \"\",\n                        \"responsive\": \"https:\/\/schreinerei-staneker.de\/wp-content\/uploads\/2017\/02\/IMG_3749-300x225.jpg 480, https:\/\/schreinerei-staneker.de\/wp-content\/uploads\/2017\/02\/IMG_3749-1024x768.jpg 1024\"\n                    },\n                     \n                                                                                                                        {\n                        \"src\": \"https:\/\/schreinerei-staneker.de\/wp-content\/uploads\/2017\/02\/Messestand-Engel-2016.jpg\",\n                        \"thumb\": \"https:\/\/schreinerei-staneker.de\/wp-content\/uploads\/2017\/02\/Messestand-Engel-2016-150x150.jpg\",\n                        \"subHtml\": \"\",\n                        \"responsive\": \"https:\/\/schreinerei-staneker.de\/wp-content\/uploads\/2017\/02\/Messestand-Engel-2016-300x169.jpg 480, https:\/\/schreinerei-staneker.de\/wp-content\/uploads\/2017\/02\/Messestand-Engel-2016-1024x576.jpg 1024\"\n                    },\n                                        \n                ]\n            });\n        })\n    });\n<\/script> \n               \n                                                                                        <div id=\"dv-gallery1108749906\" class=\"dv-gallerycontainer\">\n                                            <div class=\"dv-galleryimage \" data-image=\"https:\/\/schreinerei-staneker.de\/wp-content\/uploads\/2017\/02\/TuereFront.jpg\">\n                    <a class=\"openlightbox   \" href=\"#\" ><\/a>\n                <\/div>\n                            <div class=\"dv-gallerycontent   \">\n                <div class=\"dv-gallerycontent-inner\">\n                <div class=\"dvh4\"><a href=\"#\" class=\"openlightbox\" >Instandsetzung<\/a><\/div>\n                                <p>ERHALTEN<br \/>\n\u00dcBERARBEITEN<br \/>\nIN FUNKTION SETZEN<\/p>\n                                <a href=\"#\" class=\"openlightbox dv-readmore-button\" >View Gallery<\/a>\n                <\/div>\n            <\/div>\n            <\/div>\n<script type=\"text\/javascript\">\n    jQuery(document).ready(function () {\n        jQuery('#dv-gallery1108749906 .openlightbox').click(function (e) {\n            e.preventDefault();\n            jQuery(this).lightGallery({\n                dynamic: true,\n                    preload: 2,\n                    zoom: true,\n                    fullScreen: true,\n                    thumbnail: true,\n                    download: true,\n                    counter: true,\n                    hideBarsDelay: 6000,\n                                dynamicEl: [\n                     \n                                                                                                                        {\n                        \"src\": \"https:\/\/schreinerei-staneker.de\/wp-content\/uploads\/2017\/02\/TuereFront.jpg\",\n                        \"thumb\": \"https:\/\/schreinerei-staneker.de\/wp-content\/uploads\/2017\/02\/TuereFront-150x150.jpg\",\n                        \"subHtml\": \"\",\n                        \"responsive\": \"https:\/\/schreinerei-staneker.de\/wp-content\/uploads\/2017\/02\/TuereFront-300x140.jpg 480, https:\/\/schreinerei-staneker.de\/wp-content\/uploads\/2017\/02\/TuereFront.jpg 1024\"\n                    },\n                     \n                                                                                                                        {\n                        \"src\": \"https:\/\/schreinerei-staneker.de\/wp-content\/uploads\/2017\/02\/Haust\u00fcre-9-150x150.jpg\",\n                        \"thumb\": \"https:\/\/schreinerei-staneker.de\/wp-content\/uploads\/2017\/02\/Haust\u00fcre-9-150x150.jpg\",\n                        \"subHtml\": \"\",\n                        \"responsive\": \"https:\/\/schreinerei-staneker.de\/wp-content\/uploads\/2017\/02\/Haust\u00fcre-9-150x150.jpg 480, https:\/\/schreinerei-staneker.de\/wp-content\/uploads\/2017\/02\/Haust\u00fcre-9-150x150.jpg 1024\"\n                    },\n                                        \n                ]\n            });\n        })\n    });\n<\/script> \n               \n                                                                                        <div id=\"dv-gallery481065801\" class=\"dv-gallerycontainer\">\n                                            <div class=\"dv-galleryimage \" data-image=\"https:\/\/schreinerei-staneker.de\/wp-content\/uploads\/2017\/02\/DSC_0521-1024x680.jpg\">\n                    <a class=\"openlightbox   \" href=\"#\" ><\/a>\n                <\/div>\n                            <div class=\"dv-gallerycontent   \">\n                <div class=\"dv-gallerycontent-inner\">\n                <div class=\"dvh4\"><a href=\"#\" class=\"openlightbox\" >M\u00f6bel nach Mass<\/a><\/div>\n                                <p>PASSEND<br \/>\nFUNKTIONELL<br \/>\nINDIVIDUELL<\/p>\n                                <a href=\"#\" class=\"openlightbox dv-readmore-button\" >View Gallery<\/a>\n                <\/div>\n            <\/div>\n            <\/div>\n<script type=\"text\/javascript\">\n    jQuery(document).ready(function () {\n        jQuery('#dv-gallery481065801 .openlightbox').click(function (e) {\n            e.preventDefault();\n            jQuery(this).lightGallery({\n                dynamic: true,\n                    preload: 2,\n                    zoom: true,\n                    fullScreen: true,\n                    thumbnail: true,\n                    download: true,\n                    counter: true,\n                    hideBarsDelay: 6000,\n                                dynamicEl: [\n                     \n                                                                                                                        {\n                        \"src\": \"https:\/\/schreinerei-staneker.de\/wp-content\/uploads\/2017\/02\/SchowkuecheVoll-1024x731-1.png\",\n                        \"thumb\": \"https:\/\/schreinerei-staneker.de\/wp-content\/uploads\/2017\/02\/SchowkuecheVoll-1024x731-1-150x150.png\",\n                        \"subHtml\": \"\",\n                        \"responsive\": \"https:\/\/schreinerei-staneker.de\/wp-content\/uploads\/2017\/02\/SchowkuecheVoll-1024x731-1-300x214.png 480, https:\/\/schreinerei-staneker.de\/wp-content\/uploads\/2017\/02\/SchowkuecheVoll-1024x731-1-1024x731.png 1024\"\n                    },\n                     \n                                                                                                                        {\n                        \"src\": \"https:\/\/schreinerei-staneker.de\/wp-content\/uploads\/2017\/02\/DSC_0109.jpg\",\n                        \"thumb\": \"https:\/\/schreinerei-staneker.de\/wp-content\/uploads\/2017\/02\/DSC_0109-150x150.jpg\",\n                        \"subHtml\": \"\",\n                        \"responsive\": \"https:\/\/schreinerei-staneker.de\/wp-content\/uploads\/2017\/02\/DSC_0109-199x300.jpg 480, https:\/\/schreinerei-staneker.de\/wp-content\/uploads\/2017\/02\/DSC_0109-680x1024.jpg 1024\"\n                    },\n                     \n                                                                                                                        {\n                        \"src\": \"https:\/\/schreinerei-staneker.de\/wp-content\/uploads\/2017\/02\/Dorfkaeserei1PNG-1024x659.png\",\n                        \"thumb\": \"https:\/\/schreinerei-staneker.de\/wp-content\/uploads\/2017\/02\/Dorfkaeserei1PNG-1024x659-150x150.png\",\n                        \"subHtml\": \"\",\n                        \"responsive\": \"https:\/\/schreinerei-staneker.de\/wp-content\/uploads\/2017\/02\/Dorfkaeserei1PNG-1024x659-300x193.png 480, https:\/\/schreinerei-staneker.de\/wp-content\/uploads\/2017\/02\/Dorfkaeserei1PNG-1024x659-1024x659.png 1024\"\n                    },\n                     \n                                                                                                                        {\n                        \"src\": \"https:\/\/schreinerei-staneker.de\/wp-content\/uploads\/2017\/02\/DSC_0111.jpg\",\n                        \"thumb\": \"https:\/\/schreinerei-staneker.de\/wp-content\/uploads\/2017\/02\/DSC_0111-150x150.jpg\",\n                        \"subHtml\": \"\",\n                        \"responsive\": \"https:\/\/schreinerei-staneker.de\/wp-content\/uploads\/2017\/02\/DSC_0111-300x199.jpg 480, https:\/\/schreinerei-staneker.de\/wp-content\/uploads\/2017\/02\/DSC_0111-1024x680.jpg 1024\"\n                    },\n                     \n                                                                                                                        {\n                        \"src\": \"https:\/\/schreinerei-staneker.de\/wp-content\/uploads\/2017\/02\/K\u00fcche-K\u00fcbel-3.jpg\",\n                        \"thumb\": \"https:\/\/schreinerei-staneker.de\/wp-content\/uploads\/2017\/02\/K\u00fcche-K\u00fcbel-3-150x150.jpg\",\n                        \"subHtml\": \"\",\n                        \"responsive\": \"https:\/\/schreinerei-staneker.de\/wp-content\/uploads\/2017\/02\/K\u00fcche-K\u00fcbel-3-201x300.jpg 480, https:\/\/schreinerei-staneker.de\/wp-content\/uploads\/2017\/02\/K\u00fcche-K\u00fcbel-3-686x1024.jpg 1024\"\n                    },\n                     \n                                                                                                                        {\n                        \"src\": \"https:\/\/schreinerei-staneker.de\/wp-content\/uploads\/2017\/02\/20151111_151147-Copy.jpg\",\n                        \"thumb\": \"https:\/\/schreinerei-staneker.de\/wp-content\/uploads\/2017\/02\/20151111_151147-Copy-150x150.jpg\",\n                        \"subHtml\": \"\",\n                        \"responsive\": \"https:\/\/schreinerei-staneker.de\/wp-content\/uploads\/2017\/02\/20151111_151147-Copy-225x300.jpg 480, https:\/\/schreinerei-staneker.de\/wp-content\/uploads\/2017\/02\/20151111_151147-Copy-768x1024.jpg 1024\"\n                    },\n                     \n                                                                                                                        {\n                        \"src\": \"https:\/\/schreinerei-staneker.de\/wp-content\/uploads\/2017\/02\/cropped-Unbenannt-1-1024x765.jpg\",\n                        \"thumb\": \"https:\/\/schreinerei-staneker.de\/wp-content\/uploads\/2017\/02\/cropped-Unbenannt-1-1024x765-150x150.jpg\",\n                        \"subHtml\": \"\",\n                        \"responsive\": \"https:\/\/schreinerei-staneker.de\/wp-content\/uploads\/2017\/02\/cropped-Unbenannt-1-1024x765-300x180.jpg 480, https:\/\/schreinerei-staneker.de\/wp-content\/uploads\/2017\/02\/cropped-Unbenannt-1-1024x765-1024x614.jpg 1024\"\n                    },\n                     \n                                                                                                                        {\n                        \"src\": \"https:\/\/schreinerei-staneker.de\/wp-content\/uploads\/2017\/02\/DSC_0019.jpg\",\n                        \"thumb\": \"https:\/\/schreinerei-staneker.de\/wp-content\/uploads\/2017\/02\/DSC_0019-150x150.jpg\",\n                        \"subHtml\": \"\",\n                        \"responsive\": \"https:\/\/schreinerei-staneker.de\/wp-content\/uploads\/2017\/02\/DSC_0019-300x199.jpg 480, https:\/\/schreinerei-staneker.de\/wp-content\/uploads\/2017\/02\/DSC_0019-1024x680.jpg 1024\"\n                    },\n                     \n                                                                                                                        {\n                        \"src\": \"https:\/\/schreinerei-staneker.de\/wp-content\/uploads\/2017\/02\/Garderobe-2.jpg\",\n                        \"thumb\": \"https:\/\/schreinerei-staneker.de\/wp-content\/uploads\/2017\/02\/Garderobe-2-150x150.jpg\",\n                        \"subHtml\": \"\",\n                        \"responsive\": \"https:\/\/schreinerei-staneker.de\/wp-content\/uploads\/2017\/02\/Garderobe-2-300x199.jpg 480, https:\/\/schreinerei-staneker.de\/wp-content\/uploads\/2017\/02\/Garderobe-2-1024x680.jpg 1024\"\n                    },\n                     \n                                                                                                                        {\n                        \"src\": \"https:\/\/schreinerei-staneker.de\/wp-content\/uploads\/2017\/02\/Offenes-Schuhregal.jpg\",\n                        \"thumb\": \"https:\/\/schreinerei-staneker.de\/wp-content\/uploads\/2017\/02\/Offenes-Schuhregal-150x150.jpg\",\n                        \"subHtml\": \"\",\n                        \"responsive\": \"https:\/\/schreinerei-staneker.de\/wp-content\/uploads\/2017\/02\/Offenes-Schuhregal-199x300.jpg 480, https:\/\/schreinerei-staneker.de\/wp-content\/uploads\/2017\/02\/Offenes-Schuhregal-680x1024.jpg 1024\"\n                    },\n                     \n                                                                                                                        {\n                        \"src\": \"https:\/\/schreinerei-staneker.de\/wp-content\/uploads\/2017\/02\/DSC_0001.jpg\",\n                        \"thumb\": \"https:\/\/schreinerei-staneker.de\/wp-content\/uploads\/2017\/02\/DSC_0001-150x150.jpg\",\n                        \"subHtml\": \"\",\n                        \"responsive\": \"https:\/\/schreinerei-staneker.de\/wp-content\/uploads\/2017\/02\/DSC_0001-300x199.jpg 480, https:\/\/schreinerei-staneker.de\/wp-content\/uploads\/2017\/02\/DSC_0001-1024x680.jpg 1024\"\n                    },\n                     \n                                                                                                                        {\n                        \"src\": \"https:\/\/schreinerei-staneker.de\/wp-content\/uploads\/2017\/02\/DSC_0224.jpg\",\n                        \"thumb\": \"https:\/\/schreinerei-staneker.de\/wp-content\/uploads\/2017\/02\/DSC_0224-150x150.jpg\",\n                        \"subHtml\": \"\",\n                        \"responsive\": \"https:\/\/schreinerei-staneker.de\/wp-content\/uploads\/2017\/02\/DSC_0224-300x199.jpg 480, https:\/\/schreinerei-staneker.de\/wp-content\/uploads\/2017\/02\/DSC_0224-1024x680.jpg 1024\"\n                    },\n                     \n                                                                                                                        {\n                        \"src\": \"https:\/\/schreinerei-staneker.de\/wp-content\/uploads\/2017\/02\/DSC_0099-1.jpg\",\n                        \"thumb\": \"https:\/\/schreinerei-staneker.de\/wp-content\/uploads\/2017\/02\/DSC_0099-1-150x150.jpg\",\n                        \"subHtml\": \"\",\n                        \"responsive\": \"https:\/\/schreinerei-staneker.de\/wp-content\/uploads\/2017\/02\/DSC_0099-1-300x199.jpg 480, https:\/\/schreinerei-staneker.de\/wp-content\/uploads\/2017\/02\/DSC_0099-1-1024x680.jpg 1024\"\n                    },\n                     \n                                                                                                                        {\n                        \"src\": \"https:\/\/schreinerei-staneker.de\/wp-content\/uploads\/2017\/02\/DSC_0471.jpg\",\n                        \"thumb\": \"https:\/\/schreinerei-staneker.de\/wp-content\/uploads\/2017\/02\/DSC_0471-150x150.jpg\",\n                        \"subHtml\": \"\",\n                        \"responsive\": \"https:\/\/schreinerei-staneker.de\/wp-content\/uploads\/2017\/02\/DSC_0471-300x199.jpg 480, https:\/\/schreinerei-staneker.de\/wp-content\/uploads\/2017\/02\/DSC_0471-1024x680.jpg 1024\"\n                    },\n                     \n                                                                                                                        {\n                        \"src\": \"https:\/\/schreinerei-staneker.de\/wp-content\/uploads\/2017\/02\/DSC_0473.jpg\",\n                        \"thumb\": \"https:\/\/schreinerei-staneker.de\/wp-content\/uploads\/2017\/02\/DSC_0473-150x150.jpg\",\n                        \"subHtml\": \"\",\n                        \"responsive\": \"https:\/\/schreinerei-staneker.de\/wp-content\/uploads\/2017\/02\/DSC_0473-199x300.jpg 480, https:\/\/schreinerei-staneker.de\/wp-content\/uploads\/2017\/02\/DSC_0473-680x1024.jpg 1024\"\n                    },\n                     \n                                                                                                                        {\n                        \"src\": \"https:\/\/schreinerei-staneker.de\/wp-content\/uploads\/2017\/02\/DSC_0503.jpg\",\n                        \"thumb\": \"https:\/\/schreinerei-staneker.de\/wp-content\/uploads\/2017\/02\/DSC_0503-150x150.jpg\",\n                        \"subHtml\": \"\",\n                        \"responsive\": \"https:\/\/schreinerei-staneker.de\/wp-content\/uploads\/2017\/02\/DSC_0503-300x199.jpg 480, https:\/\/schreinerei-staneker.de\/wp-content\/uploads\/2017\/02\/DSC_0503-1024x680.jpg 1024\"\n                    },\n                     \n                                                                                                                        {\n                        \"src\": \"https:\/\/schreinerei-staneker.de\/wp-content\/uploads\/2017\/02\/EB-Schrank_Ausschnitt2-625x1024-2.png\",\n                        \"thumb\": \"https:\/\/schreinerei-staneker.de\/wp-content\/uploads\/2017\/02\/EB-Schrank_Ausschnitt2-625x1024-2-150x150.png\",\n                        \"subHtml\": \"\",\n                        \"responsive\": \"https:\/\/schreinerei-staneker.de\/wp-content\/uploads\/2017\/02\/EB-Schrank_Ausschnitt2-625x1024-2-183x300.png 480, https:\/\/schreinerei-staneker.de\/wp-content\/uploads\/2017\/02\/EB-Schrank_Ausschnitt2-625x1024-2-625x1024.png 1024\"\n                    },\n                     \n                                                                                                                        {\n                        \"src\": \"https:\/\/schreinerei-staneker.de\/wp-content\/uploads\/2017\/02\/DSC_0521.jpg\",\n                        \"thumb\": \"https:\/\/schreinerei-staneker.de\/wp-content\/uploads\/2017\/02\/DSC_0521-150x150.jpg\",\n                        \"subHtml\": \"\",\n                        \"responsive\": \"https:\/\/schreinerei-staneker.de\/wp-content\/uploads\/2017\/02\/DSC_0521-300x199.jpg 480, https:\/\/schreinerei-staneker.de\/wp-content\/uploads\/2017\/02\/DSC_0521-1024x680.jpg 1024\"\n                    },\n                     \n                                                                                                                        {\n                        \"src\": \"https:\/\/schreinerei-staneker.de\/wp-content\/uploads\/2017\/02\/DSC_0509.jpg\",\n                        \"thumb\": \"https:\/\/schreinerei-staneker.de\/wp-content\/uploads\/2017\/02\/DSC_0509-150x150.jpg\",\n                        \"subHtml\": \"\",\n                        \"responsive\": \"https:\/\/schreinerei-staneker.de\/wp-content\/uploads\/2017\/02\/DSC_0509-199x300.jpg 480, https:\/\/schreinerei-staneker.de\/wp-content\/uploads\/2017\/02\/DSC_0509-680x1024.jpg 1024\"\n                    },\n                                        \n                ]\n            });\n        })\n    });\n<\/script> \n               \n                                                                                        <div id=\"dv-gallery1394431959\" class=\"dv-gallerycontainer\">\n                                            <div class=\"dv-galleryimage \" data-image=\"https:\/\/schreinerei-staneker.de\/wp-content\/uploads\/2017\/02\/DSC00779-1024x683.jpg\">\n                    <a class=\"openlightbox   \" href=\"#\" ><\/a>\n                <\/div>\n                            <div class=\"dv-gallerycontent   \">\n                <div class=\"dv-gallerycontent-inner\">\n                <div class=\"dvh4\"><a href=\"#\" class=\"openlightbox\" >BADUMBAUTEN &#8211; BADM\u00d6BEL<\/a><\/div>\n                                <p>FALTEN<br \/>\nSCHIEBEN<br \/>\nDREHEN<br \/>\nBARRIEREFREI<\/p>\n                                <a href=\"#\" class=\"openlightbox dv-readmore-button\" >View Gallery<\/a>\n                <\/div>\n            <\/div>\n            <\/div>\n<script type=\"text\/javascript\">\n    jQuery(document).ready(function () {\n        jQuery('#dv-gallery1394431959 .openlightbox').click(function (e) {\n            e.preventDefault();\n            jQuery(this).lightGallery({\n                dynamic: true,\n                    preload: 2,\n                    zoom: true,\n                    fullScreen: true,\n                    thumbnail: true,\n                    download: true,\n                    counter: true,\n                    hideBarsDelay: 6000,\n                                dynamicEl: [\n                     \n                                                                                                                        {\n                        \"src\": \"https:\/\/schreinerei-staneker.de\/wp-content\/uploads\/2017\/02\/DSC00779.jpg\",\n                        \"thumb\": \"https:\/\/schreinerei-staneker.de\/wp-content\/uploads\/2017\/02\/DSC00779-150x150.jpg\",\n                        \"subHtml\": \"\",\n                        \"responsive\": \"https:\/\/schreinerei-staneker.de\/wp-content\/uploads\/2017\/02\/DSC00779-300x200.jpg 480, https:\/\/schreinerei-staneker.de\/wp-content\/uploads\/2017\/02\/DSC00779-1024x683.jpg 1024\"\n                    },\n                     \n                                                                                                                        {\n                        \"src\": \"https:\/\/schreinerei-staneker.de\/wp-content\/uploads\/2017\/02\/P1010347.jpg\",\n                        \"thumb\": \"https:\/\/schreinerei-staneker.de\/wp-content\/uploads\/2017\/02\/P1010347-150x150.jpg\",\n                        \"subHtml\": \"\",\n                        \"responsive\": \"https:\/\/schreinerei-staneker.de\/wp-content\/uploads\/2017\/02\/P1010347-300x225.jpg 480, https:\/\/schreinerei-staneker.de\/wp-content\/uploads\/2017\/02\/P1010347-1024x768.jpg 1024\"\n                    },\n                     \n                                                                                                                        {\n                        \"src\": \"https:\/\/schreinerei-staneker.de\/wp-content\/uploads\/2017\/02\/DSC00792-Copy.jpg\",\n                        \"thumb\": \"https:\/\/schreinerei-staneker.de\/wp-content\/uploads\/2017\/02\/DSC00792-Copy-150x150.jpg\",\n                        \"subHtml\": \"\",\n                        \"responsive\": \"https:\/\/schreinerei-staneker.de\/wp-content\/uploads\/2017\/02\/DSC00792-Copy-300x200.jpg 480, https:\/\/schreinerei-staneker.de\/wp-content\/uploads\/2017\/02\/DSC00792-Copy-1024x683.jpg 1024\"\n                    },\n                     \n                                                                                                                        {\n                        \"src\": \"https:\/\/schreinerei-staneker.de\/wp-content\/uploads\/2017\/02\/DSC_0122.jpg\",\n                        \"thumb\": \"https:\/\/schreinerei-staneker.de\/wp-content\/uploads\/2017\/02\/DSC_0122-150x150.jpg\",\n                        \"subHtml\": \"\",\n                        \"responsive\": \"https:\/\/schreinerei-staneker.de\/wp-content\/uploads\/2017\/02\/DSC_0122-300x199.jpg 480, https:\/\/schreinerei-staneker.de\/wp-content\/uploads\/2017\/02\/DSC_0122-1024x680.jpg 1024\"\n                    },\n                                        \n                ]\n            });\n        })\n    });\n<\/script> \n               \n \n\n","protected":false},"excerpt":{"rendered":"<p>Bei uns bekommen Sie alles aus einer Hand. Gleich ob Sie bereits eine feste Idee besitzen oder noch Unterst\u00fctzung ben\u00f6tigen. Bei uns gibt es keine industrielle Massenfertigung, sondern bei uns wird mit modernen Maschinen, die das traditionelle Handwerk unterst\u00fctzen eine individuelle L\u00f6sung f\u00fcr Ihre Idee erstellt.<\/p>\n","protected":false},"author":1,"featured_media":3763,"parent":0,"menu_order":0,"comment_status":"closed","ping_status":"closed","template":"","meta":{"footnotes":""},"class_list":["post-3628","page","type-page","status-publish","has-post-thumbnail","hentry"],"_links":{"self":[{"href":"https:\/\/schreinerei-staneker.de\/index.php?rest_route=\/wp\/v2\/pages\/3628","targetHints":{"allow":["GET"]}}],"collection":[{"href":"https:\/\/schreinerei-staneker.de\/index.php?rest_route=\/wp\/v2\/pages"}],"about":[{"href":"https:\/\/schreinerei-staneker.de\/index.php?rest_route=\/wp\/v2\/types\/page"}],"author":[{"embeddable":true,"href":"https:\/\/schreinerei-staneker.de\/index.php?rest_route=\/wp\/v2\/users\/1"}],"replies":[{"embeddable":true,"href":"https:\/\/schreinerei-staneker.de\/index.php?rest_route=%2Fwp%2Fv2%2Fcomments&post=3628"}],"version-history":[{"count":15,"href":"https:\/\/schreinerei-staneker.de\/index.php?rest_route=\/wp\/v2\/pages\/3628\/revisions"}],"predecessor-version":[{"id":3831,"href":"https:\/\/schreinerei-staneker.de\/index.php?rest_route=\/wp\/v2\/pages\/3628\/revisions\/3831"}],"wp:featuredmedia":[{"embeddable":true,"href":"https:\/\/schreinerei-staneker.de\/index.php?rest_route=\/wp\/v2\/media\/3763"}],"wp:attachment":[{"href":"https:\/\/schreinerei-staneker.de\/index.php?rest_route=%2Fwp%2Fv2%2Fmedia&parent=3628"}],"curies":[{"name":"wp","href":"https:\/\/api.w.org\/{rel}","templated":true}]}}