{"id":3902,"date":"2017-02-17T20:08:01","date_gmt":"2017-02-17T20:08:01","guid":{"rendered":"http:\/\/schreinerei-staneker.de\/?page_id=3902"},"modified":"2017-02-27T18:15:51","modified_gmt":"2017-02-27T18:15:51","slug":"das-team","status":"publish","type":"page","link":"https:\/\/schreinerei-staneker.de\/?page_id=3902","title":{"rendered":"Das Team"},"content":{"rendered":"<hr \/>\n<p>Aus \u00dcberzeugung investieren wir viel in die Aus- und Weiterbildung unserer Mitarbeiter. Dies ist unser Beitrag zur Zukunftsgestaltung junger Menschen und gleichzeitig sichert eine Weiterbildung die Qualit\u00e4t unserer Arbeit und die Zukunft unseres Handwerkbetriebes. Unser Anspruch ist ein guter und vertrauensvoller Umgang miteinander. Dadurch entsteht bei uns ein gutes Arbeitsumfeld.<\/p>\n<div class=\"tmm tmm_team-ii\"><div class=\"tmm_3_columns tmm_wrap \"><span class=\"tmm_two_containers_tablet\"><\/span><div class=\"tmm_container\"><div class=\"tmm_member\" style=\"border-top:#dd9933 solid 5px;\"><div class=\"tmm_photo tmm_pic_team-ii_0\" style=\"background: url(http:\/\/schreinerei-staneker.de\/wp-content\/uploads\/2017\/02\/PassbildRainerWeb-210x300.jpg); margin-left: auto; margin-right:auto; background-size:cover !important;\"><\/div><div class=\"tmm_textblock\"><div class=\"tmm_names\"><span class=\"tmm_fname\">Rainer <\/span> <span class=\"tmm_lname\">Staneker<\/span><\/div><div class=\"tmm_job\">Chef<\/div><div class=\"tmm_desc\" style=\"text-align:center\">Chef und kreativer Kopf der Schreinerei und zugleich IHR Ansprechpartner. \r\nBei uns kommt n\u00e4mlich der Chef selbst. <\/div><div class=\"tmm_scblock\"><\/div><\/div><\/div><div class=\"tmm_member\" style=\"border-top:#dd9933 solid 5px;\"><div class=\"tmm_textblock\"><div class=\"tmm_names\"><span class=\"tmm_fname\">Monika<\/span> <span class=\"tmm_lname\">Staneker<\/span><\/div><div class=\"tmm_desc\" style=\"text-align:center\">Ihr kompetenter Ansprechpartner, wenn es um B\u00fcroangelegenheiten, Arbeitsvorbereitung, Anzeigen oder \u00d6ffentlichkeitsarbeit geht. \r\nSie k\u00fcmmerst sich um Termine und Ablaufpl\u00e4ne. \r\n\r\n\r\n<\/div><div class=\"tmm_scblock\"><\/div><\/div><\/div><span class=\"tmm_two_containers_tablet\"><\/span><div class=\"tmm_member\" style=\"border-top:#dd9933 solid 5px;\"><div class=\"tmm_photo tmm_pic_team-ii_2\" style=\"background: url(http:\/\/schreinerei-staneker.de\/wp-content\/uploads\/2017\/02\/Joachim.jpg); margin-left: auto; margin-right:auto; background-size:cover !important;\"><\/div><div class=\"tmm_textblock\"><div class=\"tmm_names\"><span class=\"tmm_fname\">Joachim<\/span> <span class=\"tmm_lname\">Klug<\/span><\/div><div class=\"tmm_desc\" style=\"text-align:center\">Seit \u00fcber 30 Jahren im Team. Ein absoluter Allrounder. Im Bereich T\u00fcren kann ihm keiner was vormachen. Sowohl unsere Kunden als auch wir sch\u00e4tzen seine Kompetenz und seine Pers\u00f6nlichkeit. <\/div><div class=\"tmm_scblock\"><\/div><\/div><\/div><\/div><span class=\"tmm_columns_containers_desktop\"><\/span><div class=\"tmm_container\"><div class=\"tmm_member\" style=\"border-top:#dd9933 solid 5px;\"><div class=\"tmm_photo tmm_pic_team-ii_3\" style=\"background: url(http:\/\/schreinerei-staneker.de\/wp-content\/uploads\/2017\/02\/Robert.jpg); margin-left: auto; margin-right:auto; background-size:cover !important;\"><\/div><div class=\"tmm_textblock\"><div class=\"tmm_names\"><span class=\"tmm_fname\">Robert <\/span> <span class=\"tmm_lname\">Kromer<\/span><\/div><div class=\"tmm_desc\" style=\"text-align:center\">Unser Meister und Holztechniker ist seit seiner Lehrzeit in unserem Betrieb. \r\nAls CNC-CAD Fachmann beweist er seine Vielseitigkeit vorallem im M\u00f6bel-und Innenausbau.\r\nKnifflige Dinge fordern Ihn heraus. Ideen und schnelle Auffassungsgabe zeichnen Ihn aus.<\/div><div class=\"tmm_scblock\"><\/div><\/div><\/div><span class=\"tmm_two_containers_tablet\"><\/span><div class=\"tmm_member\" style=\"border-top:#dd9933 solid 5px;\"><div class=\"tmm_photo tmm_pic_team-ii_4\" style=\"background: url(http:\/\/schreinerei-staneker.de\/wp-content\/uploads\/2017\/02\/Moritz.jpg); margin-left: auto; margin-right:auto; background-size:cover !important;\"><\/div><div class=\"tmm_textblock\"><div class=\"tmm_names\"><span class=\"tmm_fname\">Moritz <\/span> <span class=\"tmm_lname\">Knecht<\/span><\/div><div class=\"tmm_desc\" style=\"text-align:center\">Ebenfalls seit seiner Ausbildung hier bei uns im Betrieb. \r\nEr ist Teamplayer, zuverl\u00e4ssig und zeigt, dass ihm die Arbeit Spass macht. \r\nEr \u00fcbernimmt Verantwortung und ist sehr gewissenhaft.<\/div><div class=\"tmm_scblock\"><\/div><\/div><\/div><div class=\"tmm_member\" style=\"border-top:#dd9933 solid 5px;\"><div class=\"tmm_photo tmm_pic_team-ii_5\" style=\"background: url(http:\/\/schreinerei-staneker.de\/wp-content\/uploads\/2017\/02\/Julian.jpg); margin-left: auto; margin-right:auto; background-size:cover !important;\"><\/div><div class=\"tmm_textblock\"><div class=\"tmm_names\"><span class=\"tmm_fname\">Julian<\/span> <span class=\"tmm_lname\">Schwaiger<\/span><\/div><div class=\"tmm_desc\" style=\"text-align:center\">Geselle im 2. Jahr\r\nArbeitet haupts\u00e4chlich im Team mit J. Klug. \r\nSeine Arbeit macht ihm Spass. <\/div><div class=\"tmm_scblock\"><\/div><\/div><\/div><div style=\"clear:both;\"><\/div><\/div><\/div><\/div>\n<p>&nbsp;<\/p>\n<p>&nbsp;<\/p>\n","protected":false},"excerpt":{"rendered":"<p>Aus \u00dcberzeugung investieren wir viel in die Aus- und Weiterbildung unserer Mitarbeiter. Dies ist unser Beitrag zur Zukunftsgestaltung junger Menschen und gleichzeitig sichert eine Weiterbildung die Qualit\u00e4t unserer Arbeit und die Zukunft unseres Handwerkbetriebes. Unser Anspruch ist ein guter und vertrauensvoller Umgang miteinander. Dadurch entsteht bei uns ein gutes Arbeitsumfeld. &nbsp; &nbsp;<\/p>\n","protected":false},"author":1,"featured_media":4154,"parent":0,"menu_order":0,"comment_status":"closed","ping_status":"closed","template":"","meta":{"footnotes":""},"class_list":["post-3902","page","type-page","status-publish","has-post-thumbnail","hentry"],"_links":{"self":[{"href":"https:\/\/schreinerei-staneker.de\/index.php?rest_route=\/wp\/v2\/pages\/3902","targetHints":{"allow":["GET"]}}],"collection":[{"href":"https:\/\/schreinerei-staneker.de\/index.php?rest_route=\/wp\/v2\/pages"}],"about":[{"href":"https:\/\/schreinerei-staneker.de\/index.php?rest_route=\/wp\/v2\/types\/page"}],"author":[{"embeddable":true,"href":"https:\/\/schreinerei-staneker.de\/index.php?rest_route=\/wp\/v2\/users\/1"}],"replies":[{"embeddable":true,"href":"https:\/\/schreinerei-staneker.de\/index.php?rest_route=%2Fwp%2Fv2%2Fcomments&post=3902"}],"version-history":[{"count":19,"href":"https:\/\/schreinerei-staneker.de\/index.php?rest_route=\/wp\/v2\/pages\/3902\/revisions"}],"predecessor-version":[{"id":4313,"href":"https:\/\/schreinerei-staneker.de\/index.php?rest_route=\/wp\/v2\/pages\/3902\/revisions\/4313"}],"wp:featuredmedia":[{"embeddable":true,"href":"https:\/\/schreinerei-staneker.de\/index.php?rest_route=\/wp\/v2\/media\/4154"}],"wp:attachment":[{"href":"https:\/\/schreinerei-staneker.de\/index.php?rest_route=%2Fwp%2Fv2%2Fmedia&parent=3902"}],"curies":[{"name":"wp","href":"https:\/\/api.w.org\/{rel}","templated":true}]}}